{"id":214606,"date":"2024-04-10T15:54:43","date_gmt":"2024-04-10T14:54:43","guid":{"rendered":"https:\/\/www.tg4.ie\/?page_id=214606"},"modified":"2026-09-01T16:23:46","modified_gmt":"2026-09-01T15:23:46","slug":"bursary","status":"publish","type":"page","link":"https:\/\/www.tg4.ie\/en\/other-brands\/gradam-ceoil\/bursary\/","title":{"rendered":"Bursary"},"content":{"rendered":"<h2>Gradam Ceoil TG4 2026 | Bursary Scheme<\/h2>\n<hr>\n<p>TG4, Belfast City Council, and The Duncairn Arts Centre continue for its 5th year to support emerging musicians in Belfast through the Gradam Ceoil bursary. They receive mentorship from Lynette Fay, Se\u00e1n \u00d3g Graham, D\u00f3nal O\u2019Connor and Ryan Molloy.<br \/>\n&nbsp;<\/p>\n<hr>\n<h3>Eimear Magee<\/h3>\n<table>\n<tr>\n<td><img decoding=\"async\" loading=\"lazy\" width=\"700\" height=\"700\" src=\"https:\/\/d1og0s8nlbd0hm.cloudfront.net\/wp-content\/uploads\/2026\/09\/01161717\/Eimear_Magee_1-1080x1080-1-700x700.jpg\" alt=\"\" class=\"aligncenter size-medium wp-image-262682\" srcset=\"https:\/\/d1og0s8nlbd0hm.cloudfront.net\/wp-content\/uploads\/2026\/09\/01161717\/Eimear_Magee_1-1080x1080-1-700x700.jpg 700w, https:\/\/d1og0s8nlbd0hm.cloudfront.net\/wp-content\/uploads\/2026\/09\/01161717\/Eimear_Magee_1-1080x1080-1-250x250.jpg 250w, https:\/\/d1og0s8nlbd0hm.cloudfront.net\/wp-content\/uploads\/2026\/09\/01161717\/Eimear_Magee_1-1080x1080-1.jpg 1080w\" sizes=\"(max-width: 700px) 100vw, 700px\" \/><\/td>\n<td><\/td>\n<\/tr>\n<\/table>\n<p>&nbsp;<br \/>\nEimear Magee is a fiddle player and singer from Mayobridge, County Down. Raised in a musical family, she grew up surrounded by song, dance and storytelling. A proud member of Cloughm\u00f3r C\u00e9il\u00ed Band, she performs and teaches across Ireland and internationally.<\/p>\n<p>&nbsp;<\/p>\n<hr>\n<h3>Peadar Connor<\/h3>\n<table>\n<tr>\n<td><img decoding=\"async\" loading=\"lazy\" width=\"700\" height=\"700\" src=\"https:\/\/d1og0s8nlbd0hm.cloudfront.net\/wp-content\/uploads\/2026\/09\/01162125\/Peadar_Connor_1-1080x1080-1-700x700.jpg\" alt=\"\" class=\"aligncenter size-medium wp-image-262685\" srcset=\"https:\/\/d1og0s8nlbd0hm.cloudfront.net\/wp-content\/uploads\/2026\/09\/01162125\/Peadar_Connor_1-1080x1080-1-700x700.jpg 700w, https:\/\/d1og0s8nlbd0hm.cloudfront.net\/wp-content\/uploads\/2026\/09\/01162125\/Peadar_Connor_1-1080x1080-1-250x250.jpg 250w, https:\/\/d1og0s8nlbd0hm.cloudfront.net\/wp-content\/uploads\/2026\/09\/01162125\/Peadar_Connor_1-1080x1080-1.jpg 1080w\" sizes=\"(max-width: 700px) 100vw, 700px\" \/><\/td>\n<td><\/td>\n<\/tr>\n<\/table>\n<p>&nbsp;<br \/>\nPeadar Connor is a 22-year-old multi-instrumentalist and composer from Ballycastle. A Queen\u2019s University Belfast Music Performance graduate, he blends traditional forms with contemporary harmony, modes and textures, creating atmospheric, groove-driven music influenced by artists including Bj\u00f6rk and Ryuichi Sakamoto.<\/p>\n<p>&nbsp;<\/p>\n<hr>\n<h3>Jack McGoldrick<\/h3>\n<table>\n<tr>\n<td><img decoding=\"async\" loading=\"lazy\" width=\"700\" height=\"700\" src=\"https:\/\/d1og0s8nlbd0hm.cloudfront.net\/wp-content\/uploads\/2026\/09\/01161918\/Jack_McGoldrick_1-1080x1080-1-700x700.jpg\" alt=\"\" class=\"aligncenter size-medium wp-image-262684\" srcset=\"https:\/\/d1og0s8nlbd0hm.cloudfront.net\/wp-content\/uploads\/2026\/09\/01161918\/Jack_McGoldrick_1-1080x1080-1-700x700.jpg 700w, https:\/\/d1og0s8nlbd0hm.cloudfront.net\/wp-content\/uploads\/2026\/09\/01161918\/Jack_McGoldrick_1-1080x1080-1-250x250.jpg 250w, https:\/\/d1og0s8nlbd0hm.cloudfront.net\/wp-content\/uploads\/2026\/09\/01161918\/Jack_McGoldrick_1-1080x1080-1.jpg 1080w\" sizes=\"(max-width: 700px) 100vw, 700px\" \/><\/td>\n<td><\/td>\n<\/tr>\n<\/table>\n<p>&nbsp;<br \/>\nJack McGoldrick is a Belfast guitarist with a jazz background who discovered traditional music at university. Passionate about accompaniment, his influences include RO\u00cdS and Lankum. Jack has performed in Ireland and internationally, bringing together his jazz and traditional Irish music influences.<\/p>\n<p>&nbsp;<\/p>\n","protected":false},"excerpt":{"rendered":"<p>Gradam Ceoil TG4 2026 | Bursary Scheme TG4, Belfast City Council, and The Duncairn Arts Centre continue for its 5th year to support emerging musicians in Belfast through the Gradam Ceoil bursary. They receive mentorship from Lynette Fay, Se\u00e1n \u00d3g Graham, D\u00f3nal O\u2019Connor and Ryan Molloy. &nbsp; Eimear Magee &nbsp; Eimear Magee is a fiddle [&hellip;]<\/p>\n","protected":false},"author":4,"featured_media":213783,"parent":12968,"menu_order":6,"comment_status":"closed","ping_status":"closed","template":"page-templates\/template-corporate.php","meta":{"footnotes":""},"acf":[],"yoast_head":"<!-- This site is optimized with the Yoast SEO plugin v22.6 - https:\/\/yoast.com\/wordpress\/plugins\/seo\/ -->\n<title>Gradam Ceoil TG4 2026 | Bursary Scheme | TG4<\/title>\n<meta name=\"description\" content=\"As a legacy of Gradam\u2019s success in Belfast, the inaugural TG4 Gradam Ceoil Bursary Scheme was created by Belfast City Council in partnership with TG4, the Duncairn Arts Centre and Red Shoe Productions.\" \/>\n<meta name=\"robots\" content=\"index, follow, max-snippet:-1, max-image-preview:large, max-video-preview:-1\" \/>\n<meta property=\"og:locale\" content=\"en_US\" \/>\n<meta property=\"og:type\" content=\"article\" \/>\n<meta property=\"og:title\" content=\"Gradam Ceoil TG4 2026 | Bursary Scheme | TG4\" \/>\n<meta property=\"og:description\" content=\"As a legacy of Gradam\u2019s success in Belfast, the inaugural TG4 Gradam Ceoil Bursary Scheme was created by Belfast City Council in partnership with TG4, the Duncairn Arts Centre and Red Shoe Productions.\" \/>\n<meta property=\"og:url\" content=\"https:\/\/www.tg4.ie\/en\/other-brands\/gradam-ceoil\/bursary\/\" \/>\n<meta property=\"og:site_name\" content=\"TG4\" \/>\n<meta property=\"article:publisher\" content=\"https:\/\/www.facebook.com\/TG4TV\" \/>\n<meta property=\"article:modified_time\" content=\"2026-09-01T15:23:46+00:00\" \/>\n<meta property=\"og:image\" content=\"https:\/\/d1og0s8nlbd0hm.cloudfront.net\/wp-content\/uploads\/2025\/04\/23145418\/Sparanacht2025_1-1920x1080-1.jpg\" \/>\n\t<meta property=\"og:image:width\" content=\"1920\" \/>\n\t<meta property=\"og:image:height\" content=\"1080\" \/>\n\t<meta property=\"og:image:type\" content=\"image\/jpeg\" \/>\n<meta name=\"twitter:card\" content=\"summary_large_image\" \/>\n<meta name=\"twitter:image\" content=\"https:\/\/d1og0s8nlbd0hm.cloudfront.net\/wp-content\/uploads\/2025\/04\/23145418\/Sparanacht2025_1-1920x1080-1.jpg\" \/>\n<meta name=\"twitter:site\" content=\"@TG4TV\" \/>\n<meta name=\"twitter:label1\" content=\"Est. reading time\" \/>\n\t<meta name=\"twitter:data1\" content=\"2 minutes\" \/>\n<script type=\"application\/ld+json\" class=\"yoast-schema-graph\">{\"@context\":\"https:\/\/schema.org\",\"@graph\":[{\"@type\":\"WebPage\",\"@id\":\"https:\/\/www.tg4.ie\/en\/other-brands\/gradam-ceoil\/bursary\/\",\"url\":\"https:\/\/www.tg4.ie\/en\/other-brands\/gradam-ceoil\/bursary\/\",\"name\":\"Gradam Ceoil TG4 2026 | Bursary Scheme | TG4\",\"isPartOf\":{\"@id\":\"https:\/\/www.tg4.ie\/ga\/#website\"},\"primaryImageOfPage\":{\"@id\":\"https:\/\/www.tg4.ie\/en\/other-brands\/gradam-ceoil\/bursary\/#primaryimage\"},\"image\":{\"@id\":\"https:\/\/www.tg4.ie\/en\/other-brands\/gradam-ceoil\/bursary\/#primaryimage\"},\"thumbnailUrl\":\"https:\/\/d1og0s8nlbd0hm.cloudfront.net\/wp-content\/uploads\/2024\/03\/26121050\/Gradam_Ceoil_TG4_glan_1-1920x1080-1.jpg\",\"datePublished\":\"2024-04-10T14:54:43+00:00\",\"dateModified\":\"2026-09-01T15:23:46+00:00\",\"description\":\"As a legacy of Gradam\u2019s success in Belfast, the inaugural TG4 Gradam Ceoil Bursary Scheme was created by Belfast City Council in partnership with TG4, the Duncairn Arts Centre and Red Shoe Productions.\",\"breadcrumb\":{\"@id\":\"https:\/\/www.tg4.ie\/en\/other-brands\/gradam-ceoil\/bursary\/#breadcrumb\"},\"inLanguage\":\"en-ie\",\"potentialAction\":[{\"@type\":\"ReadAction\",\"target\":[\"https:\/\/www.tg4.ie\/en\/other-brands\/gradam-ceoil\/bursary\/\"]}]},{\"@type\":\"ImageObject\",\"inLanguage\":\"en-ie\",\"@id\":\"https:\/\/www.tg4.ie\/en\/other-brands\/gradam-ceoil\/bursary\/#primaryimage\",\"url\":\"https:\/\/d1og0s8nlbd0hm.cloudfront.net\/wp-content\/uploads\/2024\/03\/26121050\/Gradam_Ceoil_TG4_glan_1-1920x1080-1.jpg\",\"contentUrl\":\"https:\/\/d1og0s8nlbd0hm.cloudfront.net\/wp-content\/uploads\/2024\/03\/26121050\/Gradam_Ceoil_TG4_glan_1-1920x1080-1.jpg\",\"width\":1920,\"height\":1080},{\"@type\":\"BreadcrumbList\",\"@id\":\"https:\/\/www.tg4.ie\/en\/other-brands\/gradam-ceoil\/bursary\/#breadcrumb\",\"itemListElement\":[{\"@type\":\"ListItem\",\"position\":1,\"name\":\"Home\",\"item\":\"https:\/\/www.tg4.ie\/en\/\"},{\"@type\":\"ListItem\",\"position\":2,\"name\":\"Other Brands\",\"item\":\"https:\/\/www.tg4.ie\/en\/other-brands\/\"},{\"@type\":\"ListItem\",\"position\":3,\"name\":\"Gradam Ceoil TG4\",\"item\":\"https:\/\/www.tg4.ie\/en\/other-brands\/gradam-ceoil\/\"},{\"@type\":\"ListItem\",\"position\":4,\"name\":\"Bursary\"}]},{\"@type\":\"WebSite\",\"@id\":\"https:\/\/www.tg4.ie\/ga\/#website\",\"url\":\"https:\/\/www.tg4.ie\/ga\/\",\"name\":\"TG4\",\"description\":\"S\u00fail Eile\",\"potentialAction\":[{\"@type\":\"SearchAction\",\"target\":{\"@type\":\"EntryPoint\",\"urlTemplate\":\"https:\/\/www.tg4.ie\/ga\/?s={search_term_string}\"},\"query-input\":\"required name=search_term_string\"}],\"inLanguage\":\"en-ie\"}]}<\/script>\n<!-- \/ Yoast SEO plugin. -->","yoast_head_json":{"title":"Gradam Ceoil TG4 2026 | Bursary Scheme | TG4","description":"As a legacy of Gradam\u2019s success in Belfast, the inaugural TG4 Gradam Ceoil Bursary Scheme was created by Belfast City Council in partnership with TG4, the Duncairn Arts Centre and Red Shoe Productions.","robots":{"index":"index","follow":"follow","max-snippet":"max-snippet:-1","max-image-preview":"max-image-preview:large","max-video-preview":"max-video-preview:-1"},"og_locale":"en_US","og_type":"article","og_title":"Gradam Ceoil TG4 2026 | Bursary Scheme | TG4","og_description":"As a legacy of Gradam\u2019s success in Belfast, the inaugural TG4 Gradam Ceoil Bursary Scheme was created by Belfast City Council in partnership with TG4, the Duncairn Arts Centre and Red Shoe Productions.","og_url":"https:\/\/www.tg4.ie\/en\/other-brands\/gradam-ceoil\/bursary\/","og_site_name":"TG4","article_publisher":"https:\/\/www.facebook.com\/TG4TV","article_modified_time":"2026-09-01T15:23:46+00:00","og_image":[{"width":1920,"height":1080,"url":"https:\/\/d1og0s8nlbd0hm.cloudfront.net\/wp-content\/uploads\/2025\/04\/23145418\/Sparanacht2025_1-1920x1080-1.jpg","type":"image\/jpeg"}],"twitter_card":"summary_large_image","twitter_image":"https:\/\/d1og0s8nlbd0hm.cloudfront.net\/wp-content\/uploads\/2025\/04\/23145418\/Sparanacht2025_1-1920x1080-1.jpg","twitter_site":"@TG4TV","twitter_misc":{"Est. reading time":"2 minutes"},"schema":{"@context":"https:\/\/schema.org","@graph":[{"@type":"WebPage","@id":"https:\/\/www.tg4.ie\/en\/other-brands\/gradam-ceoil\/bursary\/","url":"https:\/\/www.tg4.ie\/en\/other-brands\/gradam-ceoil\/bursary\/","name":"Gradam Ceoil TG4 2026 | Bursary Scheme | TG4","isPartOf":{"@id":"https:\/\/www.tg4.ie\/ga\/#website"},"primaryImageOfPage":{"@id":"https:\/\/www.tg4.ie\/en\/other-brands\/gradam-ceoil\/bursary\/#primaryimage"},"image":{"@id":"https:\/\/www.tg4.ie\/en\/other-brands\/gradam-ceoil\/bursary\/#primaryimage"},"thumbnailUrl":"https:\/\/d1og0s8nlbd0hm.cloudfront.net\/wp-content\/uploads\/2024\/03\/26121050\/Gradam_Ceoil_TG4_glan_1-1920x1080-1.jpg","datePublished":"2024-04-10T14:54:43+00:00","dateModified":"2026-09-01T15:23:46+00:00","description":"As a legacy of Gradam\u2019s success in Belfast, the inaugural TG4 Gradam Ceoil Bursary Scheme was created by Belfast City Council in partnership with TG4, the Duncairn Arts Centre and Red Shoe Productions.","breadcrumb":{"@id":"https:\/\/www.tg4.ie\/en\/other-brands\/gradam-ceoil\/bursary\/#breadcrumb"},"inLanguage":"en-ie","potentialAction":[{"@type":"ReadAction","target":["https:\/\/www.tg4.ie\/en\/other-brands\/gradam-ceoil\/bursary\/"]}]},{"@type":"ImageObject","inLanguage":"en-ie","@id":"https:\/\/www.tg4.ie\/en\/other-brands\/gradam-ceoil\/bursary\/#primaryimage","url":"https:\/\/d1og0s8nlbd0hm.cloudfront.net\/wp-content\/uploads\/2024\/03\/26121050\/Gradam_Ceoil_TG4_glan_1-1920x1080-1.jpg","contentUrl":"https:\/\/d1og0s8nlbd0hm.cloudfront.net\/wp-content\/uploads\/2024\/03\/26121050\/Gradam_Ceoil_TG4_glan_1-1920x1080-1.jpg","width":1920,"height":1080},{"@type":"BreadcrumbList","@id":"https:\/\/www.tg4.ie\/en\/other-brands\/gradam-ceoil\/bursary\/#breadcrumb","itemListElement":[{"@type":"ListItem","position":1,"name":"Home","item":"https:\/\/www.tg4.ie\/en\/"},{"@type":"ListItem","position":2,"name":"Other Brands","item":"https:\/\/www.tg4.ie\/en\/other-brands\/"},{"@type":"ListItem","position":3,"name":"Gradam Ceoil TG4","item":"https:\/\/www.tg4.ie\/en\/other-brands\/gradam-ceoil\/"},{"@type":"ListItem","position":4,"name":"Bursary"}]},{"@type":"WebSite","@id":"https:\/\/www.tg4.ie\/ga\/#website","url":"https:\/\/www.tg4.ie\/ga\/","name":"TG4","description":"S\u00fail Eile","potentialAction":[{"@type":"SearchAction","target":{"@type":"EntryPoint","urlTemplate":"https:\/\/www.tg4.ie\/ga\/?s={search_term_string}"},"query-input":"required name=search_term_string"}],"inLanguage":"en-ie"}]}},"_links":{"self":[{"href":"https:\/\/www.tg4.ie\/en\/wp-json\/wp\/v2\/pages\/214606"}],"collection":[{"href":"https:\/\/www.tg4.ie\/en\/wp-json\/wp\/v2\/pages"}],"about":[{"href":"https:\/\/www.tg4.ie\/en\/wp-json\/wp\/v2\/types\/page"}],"author":[{"embeddable":true,"href":"https:\/\/www.tg4.ie\/en\/wp-json\/wp\/v2\/users\/4"}],"replies":[{"embeddable":true,"href":"https:\/\/www.tg4.ie\/en\/wp-json\/wp\/v2\/comments?post=214606"}],"version-history":[{"count":4,"href":"https:\/\/www.tg4.ie\/en\/wp-json\/wp\/v2\/pages\/214606\/revisions"}],"predecessor-version":[{"id":262687,"href":"https:\/\/www.tg4.ie\/en\/wp-json\/wp\/v2\/pages\/214606\/revisions\/262687"}],"up":[{"embeddable":true,"href":"https:\/\/www.tg4.ie\/en\/wp-json\/wp\/v2\/pages\/12968"}],"wp:featuredmedia":[{"embeddable":true,"href":"https:\/\/www.tg4.ie\/en\/wp-json\/wp\/v2\/media\/213783"}],"wp:attachment":[{"href":"https:\/\/www.tg4.ie\/en\/wp-json\/wp\/v2\/media?parent=214606"}],"curies":[{"name":"wp","href":"https:\/\/api.w.org\/{rel}","templated":true}]}}