{"id":262592,"date":"2026-08-28T14:26:33","date_gmt":"2026-08-28T13:26:33","guid":{"rendered":"https:\/\/www.tg4.ie\/information\/press\/press-releases\/2026-2\/aontas-roghnaithe-ag-ifta-do-na-oscars\/"},"modified":"2026-08-28T14:36:41","modified_gmt":"2026-08-28T13:36:41","slug":"aontas-selected-as-irelands-entry-for-the-oscars-in-the-best-international-feature-film-category","status":"publish","type":"page","link":"https:\/\/www.tg4.ie\/en\/information\/press\/press-releases\/2026-2\/aontas-selected-as-irelands-entry-for-the-oscars-in-the-best-international-feature-film-category\/","title":{"rendered":"&#8216;Aontas&#8217; Selected as Ireland\u2019s entry for the Oscars in the \u2018Best International Feature Film\u2019 category"},"content":{"rendered":"<table>\n<tr>\n<td><img decoding=\"async\" loading=\"lazy\" width=\"1920\" height=\"1080\" src=\"https:\/\/d1og0s8nlbd0hm.cloudfront.net\/wp-content\/uploads\/2026\/01\/20112540\/Aontas_2-1920x1080-2.jpg\" alt=\"\" class=\"aligncenter size-full wp-image-248867\" srcset=\"https:\/\/d1og0s8nlbd0hm.cloudfront.net\/wp-content\/uploads\/2026\/01\/20112540\/Aontas_2-1920x1080-2.jpg 1920w, https:\/\/d1og0s8nlbd0hm.cloudfront.net\/wp-content\/uploads\/2026\/01\/20112540\/Aontas_2-1920x1080-2-250x141.jpg 250w, https:\/\/d1og0s8nlbd0hm.cloudfront.net\/wp-content\/uploads\/2026\/01\/20112540\/Aontas_2-1920x1080-2-700x394.jpg 700w, https:\/\/d1og0s8nlbd0hm.cloudfront.net\/wp-content\/uploads\/2026\/01\/20112540\/Aontas_2-1920x1080-2-252x141.jpg 252w, https:\/\/d1og0s8nlbd0hm.cloudfront.net\/wp-content\/uploads\/2026\/01\/20112540\/Aontas_2-1920x1080-2-1536x864.jpg 1536w, https:\/\/d1og0s8nlbd0hm.cloudfront.net\/wp-content\/uploads\/2026\/01\/20112540\/Aontas_2-1920x1080-2-120x68.jpg 120w\" sizes=\"(max-width: 1920px) 100vw, 1920px\" \/><\/td>\n<td><img decoding=\"async\" loading=\"lazy\" width=\"1920\" height=\"1080\" src=\"https:\/\/d1og0s8nlbd0hm.cloudfront.net\/wp-content\/uploads\/2026\/03\/03090130\/Aontas_3-1920x1080-1.jpg\" alt=\"\" class=\"aligncenter size-full wp-image-249394\" srcset=\"https:\/\/d1og0s8nlbd0hm.cloudfront.net\/wp-content\/uploads\/2026\/03\/03090130\/Aontas_3-1920x1080-1.jpg 1920w, https:\/\/d1og0s8nlbd0hm.cloudfront.net\/wp-content\/uploads\/2026\/03\/03090130\/Aontas_3-1920x1080-1-700x394.jpg 700w, https:\/\/d1og0s8nlbd0hm.cloudfront.net\/wp-content\/uploads\/2026\/03\/03090130\/Aontas_3-1920x1080-1-1536x864.jpg 1536w, https:\/\/d1og0s8nlbd0hm.cloudfront.net\/wp-content\/uploads\/2026\/03\/03090130\/Aontas_3-1920x1080-1-250x141.jpg 250w\" sizes=\"(max-width: 1920px) 100vw, 1920px\" \/><\/td>\n<\/tr>\n<\/table>\n<p><center><sup>&#8216;Aontas&#8217; selected as Ireland\u2019s entry for the Oscars<\/sup><\/center><\/p>\n<p>&nbsp;<br \/>\n<a href=\"https:\/\/nasc.tg4.tv\/Aontas\" rel=\"noopener\" target=\"_blank\">Aontas &#8211; Watch Here<\/a><br \/>\n&nbsp;<br \/>\nTG4 is delighted that IFTA has selected Irish language film &#8216;Aontas&#8217; as Ireland\u2019s entry for the Oscars in the \u2018Best International Feature Film\u2019 category. Five TG4 films have been selected by IFTA as Ireland\u2019s entry for Best International Feature Film since 2021 &#8211; Arracht, Foscadh, An Cail\u00edn Ci\u00fain, Kneecap and now &#8216;Aontas&#8217;.<br \/>\n&nbsp;<br \/>\n<strong><u>About Aontas:<\/u><\/strong><br \/>\nThree unlikely thieves, led by a woman on the verge of a breakdown, rob a rural Irish Credit Union. Opening in the tragic aftermath of the heist-gone-wrong, Aontas unfolds backwards, chapter by chapter to unravel the events that led to this point. What starts as a poorly executed robbery becomes a portrait of a wilful woman trapped in her own past.<br \/>\n&nbsp;<br \/>\nDirected by Damian McCann (Doineann), the film stars Carrie Crowley (An Cail\u00edn Ci\u00fain, Smother), Br\u00edd Brennan (Shadow Dancer, Doineann) and Eva-Jane Gaffney (Kin, Harry Wild). Produced by \u00d3rfhlaith N\u00ed Chearnaigh (Aonaracht) and Christopher Myers (Doineann), written by Sarah Gordon and Damian McCann, this is the first feature from new bilingual company P\u00faca Pictures.<br \/>\n&nbsp;<br \/>\nNew Irish language heist thriller, Aontas,  premiered on TG4 and TG4.ie in March.  Aontas was funded by TG4, BBC Gaeilge and Northern Ireland Screen\u2019s Irish Language Broadcast Fund with support from Yellowmoon.<br \/>\n&nbsp;<br \/>\n<strong>Deirdre N\u00ed Choist\u00edn, Director General, TG4<\/strong>: <em>\u201cThe selection of Aontas by IFTA to represent Ireland on the international stage is another hugely significant moment for TG4, and a powerful endorsement of original Irish-language creativity and storytelling. Five TG4 films have been selected by IFFA as Ireland&#8217;s entry for the Best International Feature Film in recent years.  An Cail\u00edn Ci\u00fain went on to make history at the Academy Awards in 2023 showing again that original stories told through the Irish language can resonate profoundly with audiences across the world.  Aontas continues that momentum and demonstrates the extraordinary creative talent working in our independent production sector. We are enormously proud of our relationship with Northern Ireland Screen&#8217;s Irish Language Broadcast Fund and with BBC Gaeilge through the Geal\u00e1n scheme. Congratulations to Damian, Sarah Orfhlaith and Christopher  and everyone else involved in Aontas.\u201d<\/em><br \/>\n&nbsp;<\/p>\n<p><strong>M\u00e1ire N\u00ed Chonl\u00e1in, Commissioning Editor, TG4<\/strong>: <em>\u201cWe are absolutely thrilled that Aontas has been chosen by IFTA as Ireland\u2019s entry for Best International Feature Film. It is a wonderful recognition of the talent and creativity behind this remarkable film. Damian McCann, Sarah Gordon, \u00d3rfhlaith N\u00ed Chearnaigh, Christopher Myers and the entire cast and crew have created a distinctive and compelling piece of cinema, rooted in place in Northern Ireland, that has connected with audiences around the world. TG4 is immensely proud to have supported Aontas, and we wish the whole team every success on this exciting next stage of its international journey.\u201d<\/em><br \/>\n&nbsp;<\/p>\n<p><strong>Director Damian McCann<\/strong> shared this about the film: <em>\u201cAontas was born out of a conversation with my Mum where she described in detail how she would rob a bank (she\u2019s an unlikely candidate\u2026) That conversation led to a film that has connected with audiences around the world. I\u2019ve been blown away by the response to date and I\u2019m excited for audiences at home to see it. The film has resonated strongly with viewers and festivals around the world, and its international success is a testament to the power of its storytelling and performances.&#8221;<\/em><br \/>\n&nbsp;<\/p>\n<p>It was filmed in March 2024 in Glenarm, County Antrim, and postproduction was completed at Yellowmoon Postproduction in Holywood, Co. Down.<br \/>\n&nbsp;<br \/>\nThe film&#8217;s international premiere took place on 12 February 2025 in Santa Barbara California, and its European premiere followed at DIFF in the Light House Cinema in Dublin on 22nd February 2025. Since then Aontas has won acclaim and awards, among them Best Film, Best Director and Best Script, and has screened at over 40 festivals internationally and in Ireland.  Aontas was nominated for 6 IFTAs.<br \/>\n&nbsp;<\/p>\n","protected":false},"excerpt":{"rendered":"<p>&#8216;Aontas&#8217; selected as Ireland\u2019s entry for the Oscars &nbsp; Aontas &#8211; Watch Here &nbsp; TG4 is delighted that IFTA has selected Irish language film &#8216;Aontas&#8217; as Ireland\u2019s entry for the Oscars in the \u2018Best International Feature Film\u2019 category. Five TG4 films have been selected by IFTA as Ireland\u2019s entry for Best International Feature Film since [&hellip;]<\/p>\n","protected":false},"author":876,"featured_media":0,"parent":248746,"menu_order":55,"comment_status":"closed","ping_status":"closed","template":"page-templates\/template-pr.php","meta":{"footnotes":""},"acf":[],"yoast_head":"<!-- This site is optimized with the Yoast SEO plugin v22.6 - https:\/\/yoast.com\/wordpress\/plugins\/seo\/ -->\n<title>&#039;Aontas&#039; Selected as Ireland\u2019s entry for the Oscars in the \u2018Best International Feature Film\u2019 category | Press Release | TG4<\/title>\n<meta name=\"robots\" content=\"index, follow, max-snippet:-1, max-image-preview:large, max-video-preview:-1\" \/>\n<meta property=\"og:locale\" content=\"en_US\" \/>\n<meta property=\"og:type\" content=\"article\" \/>\n<meta property=\"og:title\" content=\"&#039;Aontas&#039; Selected as Ireland\u2019s entry for the Oscars in the \u2018Best International Feature Film\u2019 category | Press Release | TG4\" \/>\n<meta property=\"og:description\" content=\"&#8216;Aontas&#8217; selected as Ireland\u2019s entry for the Oscars &nbsp; Aontas &#8211; Watch Here &nbsp; TG4 is delighted that IFTA has selected Irish language film &#8216;Aontas&#8217; as Ireland\u2019s entry for the Oscars in the \u2018Best International Feature Film\u2019 category. Five TG4 films have been selected by IFTA as Ireland\u2019s entry for Best International Feature Film since [&hellip;]\" \/>\n<meta property=\"og:url\" content=\"https:\/\/www.tg4.ie\/en\/information\/press\/press-releases\/2026-2\/aontas-selected-as-irelands-entry-for-the-oscars-in-the-best-international-feature-film-category\/\" \/>\n<meta property=\"og:site_name\" content=\"TG4\" \/>\n<meta property=\"article:publisher\" content=\"https:\/\/www.facebook.com\/TG4TV\" \/>\n<meta property=\"article:modified_time\" content=\"2026-08-28T13:36:41+00:00\" \/>\n<meta property=\"og:image\" content=\"https:\/\/www.tg4.ie\/wp-content\/uploads\/2026\/01\/Aontas_2-1920x1080-2.jpg\" \/>\n<meta name=\"twitter:card\" content=\"summary_large_image\" \/>\n<meta name=\"twitter:site\" content=\"@TG4TV\" \/>\n<meta name=\"twitter:label1\" content=\"Est. reading time\" \/>\n\t<meta name=\"twitter:data1\" content=\"4 minutes\" \/>\n<script type=\"application\/ld+json\" class=\"yoast-schema-graph\">{\"@context\":\"https:\/\/schema.org\",\"@graph\":[{\"@type\":\"WebPage\",\"@id\":\"https:\/\/www.tg4.ie\/en\/information\/press\/press-releases\/2026-2\/aontas-selected-as-irelands-entry-for-the-oscars-in-the-best-international-feature-film-category\/\",\"url\":\"https:\/\/www.tg4.ie\/en\/information\/press\/press-releases\/2026-2\/aontas-selected-as-irelands-entry-for-the-oscars-in-the-best-international-feature-film-category\/\",\"name\":\"'Aontas' Selected as Ireland\u2019s entry for the Oscars in the \u2018Best International Feature Film\u2019 category | Press Release | TG4\",\"isPartOf\":{\"@id\":\"https:\/\/www.tg4.ie\/ga\/#website\"},\"primaryImageOfPage\":{\"@id\":\"https:\/\/www.tg4.ie\/en\/information\/press\/press-releases\/2026-2\/aontas-selected-as-irelands-entry-for-the-oscars-in-the-best-international-feature-film-category\/#primaryimage\"},\"image\":{\"@id\":\"https:\/\/www.tg4.ie\/en\/information\/press\/press-releases\/2026-2\/aontas-selected-as-irelands-entry-for-the-oscars-in-the-best-international-feature-film-category\/#primaryimage\"},\"thumbnailUrl\":\"https:\/\/www.tg4.ie\/wp-content\/uploads\/2026\/01\/Aontas_2-1920x1080-2.jpg\",\"datePublished\":\"2026-08-28T13:26:33+00:00\",\"dateModified\":\"2026-08-28T13:36:41+00:00\",\"breadcrumb\":{\"@id\":\"https:\/\/www.tg4.ie\/en\/information\/press\/press-releases\/2026-2\/aontas-selected-as-irelands-entry-for-the-oscars-in-the-best-international-feature-film-category\/#breadcrumb\"},\"inLanguage\":\"en-ie\",\"potentialAction\":[{\"@type\":\"ReadAction\",\"target\":[\"https:\/\/www.tg4.ie\/en\/information\/press\/press-releases\/2026-2\/aontas-selected-as-irelands-entry-for-the-oscars-in-the-best-international-feature-film-category\/\"]}]},{\"@type\":\"ImageObject\",\"inLanguage\":\"en-ie\",\"@id\":\"https:\/\/www.tg4.ie\/en\/information\/press\/press-releases\/2026-2\/aontas-selected-as-irelands-entry-for-the-oscars-in-the-best-international-feature-film-category\/#primaryimage\",\"url\":\"https:\/\/www.tg4.ie\/wp-content\/uploads\/2026\/01\/Aontas_2-1920x1080-2.jpg\",\"contentUrl\":\"https:\/\/www.tg4.ie\/wp-content\/uploads\/2026\/01\/Aontas_2-1920x1080-2.jpg\"},{\"@type\":\"BreadcrumbList\",\"@id\":\"https:\/\/www.tg4.ie\/en\/information\/press\/press-releases\/2026-2\/aontas-selected-as-irelands-entry-for-the-oscars-in-the-best-international-feature-film-category\/#breadcrumb\",\"itemListElement\":[{\"@type\":\"ListItem\",\"position\":1,\"name\":\"Home\",\"item\":\"https:\/\/www.tg4.ie\/en\/\"},{\"@type\":\"ListItem\",\"position\":2,\"name\":\"Information\",\"item\":\"https:\/\/www.tg4.ie\/en\/information\/\"},{\"@type\":\"ListItem\",\"position\":3,\"name\":\"Press\",\"item\":\"https:\/\/www.tg4.ie\/en\/information\/press\/\"},{\"@type\":\"ListItem\",\"position\":4,\"name\":\"Press Releases\",\"item\":\"https:\/\/www.tg4.ie\/en\/information\/press\/press-releases\/\"},{\"@type\":\"ListItem\",\"position\":5,\"name\":\"2026\",\"item\":\"https:\/\/www.tg4.ie\/en\/information\/press\/press-releases\/2026-2\/\"},{\"@type\":\"ListItem\",\"position\":6,\"name\":\"&#8216;Aontas&#8217; Selected as Ireland\u2019s entry for the Oscars in the \u2018Best International Feature Film\u2019 category\"}]},{\"@type\":\"WebSite\",\"@id\":\"https:\/\/www.tg4.ie\/ga\/#website\",\"url\":\"https:\/\/www.tg4.ie\/ga\/\",\"name\":\"TG4\",\"description\":\"S\u00fail Eile\",\"potentialAction\":[{\"@type\":\"SearchAction\",\"target\":{\"@type\":\"EntryPoint\",\"urlTemplate\":\"https:\/\/www.tg4.ie\/ga\/?s={search_term_string}\"},\"query-input\":\"required name=search_term_string\"}],\"inLanguage\":\"en-ie\"}]}<\/script>\n<!-- \/ Yoast SEO plugin. -->","yoast_head_json":{"title":"'Aontas' Selected as Ireland\u2019s entry for the Oscars in the \u2018Best International Feature Film\u2019 category | Press Release | TG4","robots":{"index":"index","follow":"follow","max-snippet":"max-snippet:-1","max-image-preview":"max-image-preview:large","max-video-preview":"max-video-preview:-1"},"og_locale":"en_US","og_type":"article","og_title":"'Aontas' Selected as Ireland\u2019s entry for the Oscars in the \u2018Best International Feature Film\u2019 category | Press Release | TG4","og_description":"&#8216;Aontas&#8217; selected as Ireland\u2019s entry for the Oscars &nbsp; Aontas &#8211; Watch Here &nbsp; TG4 is delighted that IFTA has selected Irish language film &#8216;Aontas&#8217; as Ireland\u2019s entry for the Oscars in the \u2018Best International Feature Film\u2019 category. Five TG4 films have been selected by IFTA as Ireland\u2019s entry for Best International Feature Film since [&hellip;]","og_url":"https:\/\/www.tg4.ie\/en\/information\/press\/press-releases\/2026-2\/aontas-selected-as-irelands-entry-for-the-oscars-in-the-best-international-feature-film-category\/","og_site_name":"TG4","article_publisher":"https:\/\/www.facebook.com\/TG4TV","article_modified_time":"2026-08-28T13:36:41+00:00","og_image":[{"url":"https:\/\/www.tg4.ie\/wp-content\/uploads\/2026\/01\/Aontas_2-1920x1080-2.jpg"}],"twitter_card":"summary_large_image","twitter_site":"@TG4TV","twitter_misc":{"Est. reading time":"4 minutes"},"schema":{"@context":"https:\/\/schema.org","@graph":[{"@type":"WebPage","@id":"https:\/\/www.tg4.ie\/en\/information\/press\/press-releases\/2026-2\/aontas-selected-as-irelands-entry-for-the-oscars-in-the-best-international-feature-film-category\/","url":"https:\/\/www.tg4.ie\/en\/information\/press\/press-releases\/2026-2\/aontas-selected-as-irelands-entry-for-the-oscars-in-the-best-international-feature-film-category\/","name":"'Aontas' Selected as Ireland\u2019s entry for the Oscars in the \u2018Best International Feature Film\u2019 category | Press Release | TG4","isPartOf":{"@id":"https:\/\/www.tg4.ie\/ga\/#website"},"primaryImageOfPage":{"@id":"https:\/\/www.tg4.ie\/en\/information\/press\/press-releases\/2026-2\/aontas-selected-as-irelands-entry-for-the-oscars-in-the-best-international-feature-film-category\/#primaryimage"},"image":{"@id":"https:\/\/www.tg4.ie\/en\/information\/press\/press-releases\/2026-2\/aontas-selected-as-irelands-entry-for-the-oscars-in-the-best-international-feature-film-category\/#primaryimage"},"thumbnailUrl":"https:\/\/www.tg4.ie\/wp-content\/uploads\/2026\/01\/Aontas_2-1920x1080-2.jpg","datePublished":"2026-08-28T13:26:33+00:00","dateModified":"2026-08-28T13:36:41+00:00","breadcrumb":{"@id":"https:\/\/www.tg4.ie\/en\/information\/press\/press-releases\/2026-2\/aontas-selected-as-irelands-entry-for-the-oscars-in-the-best-international-feature-film-category\/#breadcrumb"},"inLanguage":"en-ie","potentialAction":[{"@type":"ReadAction","target":["https:\/\/www.tg4.ie\/en\/information\/press\/press-releases\/2026-2\/aontas-selected-as-irelands-entry-for-the-oscars-in-the-best-international-feature-film-category\/"]}]},{"@type":"ImageObject","inLanguage":"en-ie","@id":"https:\/\/www.tg4.ie\/en\/information\/press\/press-releases\/2026-2\/aontas-selected-as-irelands-entry-for-the-oscars-in-the-best-international-feature-film-category\/#primaryimage","url":"https:\/\/www.tg4.ie\/wp-content\/uploads\/2026\/01\/Aontas_2-1920x1080-2.jpg","contentUrl":"https:\/\/www.tg4.ie\/wp-content\/uploads\/2026\/01\/Aontas_2-1920x1080-2.jpg"},{"@type":"BreadcrumbList","@id":"https:\/\/www.tg4.ie\/en\/information\/press\/press-releases\/2026-2\/aontas-selected-as-irelands-entry-for-the-oscars-in-the-best-international-feature-film-category\/#breadcrumb","itemListElement":[{"@type":"ListItem","position":1,"name":"Home","item":"https:\/\/www.tg4.ie\/en\/"},{"@type":"ListItem","position":2,"name":"Information","item":"https:\/\/www.tg4.ie\/en\/information\/"},{"@type":"ListItem","position":3,"name":"Press","item":"https:\/\/www.tg4.ie\/en\/information\/press\/"},{"@type":"ListItem","position":4,"name":"Press Releases","item":"https:\/\/www.tg4.ie\/en\/information\/press\/press-releases\/"},{"@type":"ListItem","position":5,"name":"2026","item":"https:\/\/www.tg4.ie\/en\/information\/press\/press-releases\/2026-2\/"},{"@type":"ListItem","position":6,"name":"&#8216;Aontas&#8217; Selected as Ireland\u2019s entry for the Oscars in the \u2018Best International Feature Film\u2019 category"}]},{"@type":"WebSite","@id":"https:\/\/www.tg4.ie\/ga\/#website","url":"https:\/\/www.tg4.ie\/ga\/","name":"TG4","description":"S\u00fail Eile","potentialAction":[{"@type":"SearchAction","target":{"@type":"EntryPoint","urlTemplate":"https:\/\/www.tg4.ie\/ga\/?s={search_term_string}"},"query-input":"required name=search_term_string"}],"inLanguage":"en-ie"}]}},"_links":{"self":[{"href":"https:\/\/www.tg4.ie\/en\/wp-json\/wp\/v2\/pages\/262592"}],"collection":[{"href":"https:\/\/www.tg4.ie\/en\/wp-json\/wp\/v2\/pages"}],"about":[{"href":"https:\/\/www.tg4.ie\/en\/wp-json\/wp\/v2\/types\/page"}],"author":[{"embeddable":true,"href":"https:\/\/www.tg4.ie\/en\/wp-json\/wp\/v2\/users\/876"}],"replies":[{"embeddable":true,"href":"https:\/\/www.tg4.ie\/en\/wp-json\/wp\/v2\/comments?post=262592"}],"version-history":[{"count":4,"href":"https:\/\/www.tg4.ie\/en\/wp-json\/wp\/v2\/pages\/262592\/revisions"}],"predecessor-version":[{"id":262596,"href":"https:\/\/www.tg4.ie\/en\/wp-json\/wp\/v2\/pages\/262592\/revisions\/262596"}],"up":[{"embeddable":true,"href":"https:\/\/www.tg4.ie\/en\/wp-json\/wp\/v2\/pages\/248746"}],"wp:attachment":[{"href":"https:\/\/www.tg4.ie\/en\/wp-json\/wp\/v2\/media?parent=262592"}],"curies":[{"name":"wp","href":"https:\/\/api.w.org\/{rel}","templated":true}]}}