{"id":262628,"date":"2026-08-31T15:00:01","date_gmt":"2026-08-31T14:00:01","guid":{"rendered":"https:\/\/www.tg4.ie\/?page_id=262628"},"modified":"2026-08-31T16:57:34","modified_gmt":"2026-08-31T15:57:34","slug":"tg4-unveils-bold-new-season-of-irish-stories-voices-and-live-action","status":"publish","type":"page","link":"https:\/\/www.tg4.ie\/en\/information\/press\/press-releases\/2026-2\/tg4-unveils-bold-new-season-of-irish-stories-voices-and-live-action\/","title":{"rendered":"TG4 Unveils Bold New Season of Irish Stories, Voices and Live Action"},"content":{"rendered":"<table>\n<tr>\n<td><img decoding=\"async\" loading=\"lazy\" width=\"1920\" height=\"1080\" src=\"https:\/\/d1og0s8nlbd0hm.cloudfront.net\/wp-content\/uploads\/2026\/08\/31160644\/Seoladh_an_Fhomhair_2026_1-1920x1080-1.jpg\" alt=\"\" class=\"aligncenter size-full wp-image-262660\" srcset=\"https:\/\/d1og0s8nlbd0hm.cloudfront.net\/wp-content\/uploads\/2026\/08\/31160644\/Seoladh_an_Fhomhair_2026_1-1920x1080-1.jpg 1920w, https:\/\/d1og0s8nlbd0hm.cloudfront.net\/wp-content\/uploads\/2026\/08\/31160644\/Seoladh_an_Fhomhair_2026_1-1920x1080-1-700x394.jpg 700w, https:\/\/d1og0s8nlbd0hm.cloudfront.net\/wp-content\/uploads\/2026\/08\/31160644\/Seoladh_an_Fhomhair_2026_1-1920x1080-1-1536x864.jpg 1536w, https:\/\/d1og0s8nlbd0hm.cloudfront.net\/wp-content\/uploads\/2026\/08\/31160644\/Seoladh_an_Fhomhair_2026_1-1920x1080-1-250x141.jpg 250w\" sizes=\"(max-width: 1920px) 100vw, 1920px\" \/><\/td>\n<td><img decoding=\"async\" loading=\"lazy\" width=\"1920\" height=\"1080\" src=\"https:\/\/d1og0s8nlbd0hm.cloudfront.net\/wp-content\/uploads\/2026\/08\/31160824\/Seoladh_an_Fhomhair_2026_2-1920x1080-1.jpg\" alt=\"\" class=\"aligncenter size-full wp-image-262661\" srcset=\"https:\/\/d1og0s8nlbd0hm.cloudfront.net\/wp-content\/uploads\/2026\/08\/31160824\/Seoladh_an_Fhomhair_2026_2-1920x1080-1.jpg 1920w, https:\/\/d1og0s8nlbd0hm.cloudfront.net\/wp-content\/uploads\/2026\/08\/31160824\/Seoladh_an_Fhomhair_2026_2-1920x1080-1-700x394.jpg 700w, https:\/\/d1og0s8nlbd0hm.cloudfront.net\/wp-content\/uploads\/2026\/08\/31160824\/Seoladh_an_Fhomhair_2026_2-1920x1080-1-1536x864.jpg 1536w, https:\/\/d1og0s8nlbd0hm.cloudfront.net\/wp-content\/uploads\/2026\/08\/31160824\/Seoladh_an_Fhomhair_2026_2-1920x1080-1-250x141.jpg 250w\" sizes=\"(max-width: 1920px) 100vw, 1920px\" \/><\/td>\n<\/tr>\n<\/table>\n<p>&nbsp;<br \/>\nTG4 Showreel:<\/p>\n<div style=\"position: relative; display: block; max-width: 100%;\">\n<div style=\"padding-top: 56.25%;\"><iframe src=\"https:\/\/players.brightcove.net\/1555966122001\/HJlOg6KUz_default\/index.html?videoId=6404354247112\" allowfullscreen=\"\" allow=\"encrypted-media\" style=\"position: absolute; top: 0px; right: 0px; bottom: 0px; left: 0px; width: 100%; height: 100%;\"><\/iframe><\/div>\n<\/div>\n<p>&nbsp;<br \/>\n<a href=\"https:\/\/d1og0s8nlbd0hm.cloudfront.net\/wp-content\/uploads\/2026\/08\/31112955\/Broisiur_Seoladh_TG4_2026.pdf\" rel=\"noopener\" target=\"_blank\">Brochure: TG4 Programmes&#8230;Here<\/a><br \/>\n&nbsp;<\/p>\n<p><span>Hit drama series CR\u00c1 returns as TG4 reveals a packed Autumn 2026 line-up spanning entertainment, documentary, music, sport, young audiences, current affairs and children\u2019s programming. <\/span><\/p>\n<p><strong><span>CR\u00c1<\/span><\/strong><span> leads TG4\u2019s Autumn 2026 schedule, unveiled today at a special launch event in <strong>Dexcom Stadium, Galway<\/strong>, as the broadcaster revealed a strong new season of original Irish-language drama, entertainment, documentary, music, live sport, current affairs and children\u2019s programming.<\/span><\/p>\n<p><span>The second series of <strong>CR\u00c1<\/strong> sees a prison break shatter the new life trainee detective Conall \u00d3 S\u00failleabh\u00e1in has built away from home, forcing him back to Carraig na nGall. \u00a0Following the phenomenal success of the first series which was sold to 68 countries, CR\u00c1 returns as one of the standout titles in TG4\u2019s autumn line-up.<\/span><\/p>\n<p><span>Alongside returning favourites, TG4\u2019s autumn season introduces new formats, new voices and a broad range of stories reflecting Ireland today, from dating and contemporary identity to migration, music, sport and life in Gaeltacht communities.<\/span><br \/>\n&nbsp;<\/p>\n<p><strong>Deirdre N\u00ed Choist\u00edn, Director General of TG4<\/strong>, said: <em>\u201cTG4\u2019s 30th birthday this Halloween is an opportunity to reflect on how we connect with our audiences and respond to their changing expectations. We commissioned research by Bricolage this year to better understand our audiences\u2019 needs and viewing habits in this era of choice.\u00a0 It found that audiences associate TG4 programming with a sense of pride.<\/p>\n<p>Today, I am delighted to announce a new TG4 schedule layout that responds to those needs, while continuing to create the distinctive content that inspires pride and connects with our audiences. We are strengthening our platform-neutral approach to programme and content distribution on the TG4 Player, reflecting the way audiences increasingly choose to watch and engage with TG4 content.<\/p>\n<p>I want to acknowledge and thank our wonderful independent production partners, whose creativity, quality and originality continue to deliver \u2018S<span>\u00fail Eile\u2019<\/span><span> for audiences in Ireland and beyond.\u201d<\/em><\/span><br \/>\n&nbsp;<\/p>\n<h2><strong><u>Drama &amp; Entertainment<\/u><\/strong><\/h2>\n<p><span>Alongside <strong>CR\u00c1<\/strong>, TG4 continues its commitment to developing the next generation of Irish-language screen talent through the <strong>T\u00fas<\/strong> and <strong>C\u00e9im Eile<\/strong> short-film schemes.<\/span><\/p>\n<p><span>From <strong>T\u00fas<\/strong> comes <strong>Capall<\/strong>, a darkly comic crime story in which a game of \u201chorse\u201d between two contract killers spirals out of control, and <strong>M\u00ed-\u00c1dh<\/strong>, which follows a taxi driver whose plans unravel after an unwanted fare pulls him into an increasingly bizarre situation.<\/span><\/p>\n<p><span>From <strong>C\u00e9im Eile<\/strong>, <strong>An Mh\u00e1thair<\/strong> centres on a grieving mother confronted by the young man responsible for her son\u2019s death, while <strong>\u00c1r gCluiche F\u00e9in<\/strong> follows two young Gaelic footballers navigating a secret relationship in a world shaped by tradition, masculinity and unspoken rules.<\/span><\/p>\n<p><span>Also new this autumn is <strong>Aperit\u00edf<\/strong>, a new dating show format where romance is served one course at a time. Presented by Mair\u00e9ad N\u00ed Chuaig and Cu\u00e1n de B\u00farca. <\/span><\/p>\n<p><span>Hector \u00d3 hEochag\u00e1in returns to South America 25 years after his first visit in <strong>Hola Hector<\/strong><\/span><\/p>\n<p><strong>Contractors<\/strong> explores the lives and personal narratives of 8 agricultural contracting families. <strong><span>Ros na R\u00fan<\/span><\/strong><span> returns with more drama, jeopardy and humour, while <strong>An Deis<\/strong> is back for a second series with Eibhl\u00edn N\u00ed Chonghaile hosting the fast-paced game show of strategy, general knowledge and chance.<\/span><br \/>\n&nbsp;<\/p>\n<h2><strong><u>Factual &amp; Documentary<\/u><\/strong><\/h2>\n<p><span>Award winning documentary film \u00a0<strong>Gealtra<\/strong> which\u00a0 follows various members of\u00a0Kabin Krew\u00a0 will have its television premiere on TG4 this autumn. <\/span><\/p>\n<p><span>Feature documentary<strong> An Gr\u00e1 Ci\u00fain,<\/strong> also award winning will have its television premiere too. A beautifully exploration of the extraordinary love stories of three Deaf couples through sign language. <\/span><\/p>\n<p><strong><span>P\u00f3s M\u00e9<\/span><\/strong><span> explores Ireland\u2019s complicated relationship with love, sex and marriage while <strong>Spriocanna Saoil<\/strong>, presented by Caoimhe N\u00ed Chathail, examines the pressures people face around relationships, family, health, purpose and the expectation to have life figured out.<\/span><\/p>\n<p><strong><span>Gl\u00fain an tSosa Cogaidh<\/span><\/strong><span> follows five people born in Northern Ireland between the 1994 ceasefire and the 1998 Good Friday Agreement as they reflect on growing up in the aftermath of the Troubles.<\/span><\/p>\n<p><span>A strong sense of place runs through the season. <strong>Conamara \u2013 Idir Chnoc agus Cladach<\/strong> captures the people, landscape and traditions of Conamara, while <strong>Cill Stuifin<\/strong> travels off the Clare coast, where folklore, marine science and surfing meet around the legend of a sunken city.<\/span><\/p>\n<p>In <strong>Gn\u00edomha\u00ed,<\/strong> musician and activist Ois\u00edn Mac \u00a0investigates what inspires people to take to activism in Ireland.<\/p>\n<p><span>In a new series of <strong>An Balla<\/strong>, S\u00edle Nic Chonaonaigh travels to the Finnish-Russian border, S\u00e3o Paulo, Vietnam and Ceuta to explore how physical and invisible barriers shape people\u2019s lives.<\/span><\/p>\n<p><strong><span>Na\u00edonra <\/span><\/strong><span>follows children, families and teachers in West Belfast and R\u00e1th Chairn, Co. Meath, as two very different communities share a commitment to passing the Irish language on to the next generation. <\/span><\/p>\n<p><strong><span>\u00c9ire &amp; Taisteal <\/span><\/strong>explores the history &amp; evolution of travel and transport in Ireland. <strong>\u00c1ras \u00c9anna &#8211; Eala\u00edn ar an Imeall<\/strong> \u00a0captures \u00a0the lives of artists, islanders, and Artistic Director Dara McGee on Inis O\u00edrr.<br \/>\n&nbsp;<\/p>\n<h2><strong><u>A Changing Ireland<\/u><\/strong><\/h2>\n<p><strong><span>Trasna na dTonnta<\/span><\/strong><span> follows people from Ukraine, France, Scotland, South Africa and Germany who have made Ireland\u2019s offshore islands their home, telling stories of migration, adaptation and belonging. <strong>Bia \u00dar<\/strong> uses food as a gateway into the lives, cultures and memories of Ireland\u2019s newer communities. <strong>\u00c9ire<\/strong> <strong>Eile<\/strong> returns with fresh stories from Ireland\u2019s evolving subcultures. <\/span><br \/>\n&nbsp;<\/p>\n<h2><strong><u>News &amp; Current Affairs<\/u><\/strong><\/h2>\n<p><strong>Mo Th\u00edr, Mo Thuairim<\/strong> is a fresh weekly current affairs discussion programme presented by Cormac \u00d3 hEadhra, putting young people at the heart of Ireland&#8217;s biggest conversations. Each episode explores the stories shaping their lives, from housing, artificial intelligence and social media to addiction, gambling and politics through honest debate, digital engagement and diverse voices.<\/p>\n<p><strong><span>Nuacht TG4<\/span><\/strong><span> and <strong>7 L\u00e1<\/strong> continue to bring audiences Irish-language news, analysis and debate on the major national and international and Gaeltacht stories of the day.<\/span><br \/>\n&nbsp;<\/p>\n<h2><strong><u>Music Across Generations<\/u><\/strong><\/h2>\n<p><span>Music is one of the major strands of TG4\u2019s autumn season.<\/span><\/p>\n<p><strong><span>Gradam Ceoil TG4 2026<\/span><\/strong><span> will broadcast live from University Concert Hall, Limerick, on September 13<sup>th<\/sup> celebrating seven outstanding recipients of traditional Irish music. <\/span><\/p>\n<p><strong><span>Ceol 1798<\/span><\/strong><span> revisits the songs of the 1798 Rebellion through performance, expert commentary and historical reflection, while<strong> Foinn na Fli\u00faite \u2013 Ceol Comhroinnte na nDaoine<\/strong> examines the shared flute and fife heritage of communities across the island.<\/span><\/p>\n<p><strong><span>Ceol \u00f3n gCr\u00e9<\/span><\/strong><span> returns with singer Nell N\u00ed Chr\u00f3in\u00edn exploring how family, work, emigration and everyday life has shaped musical tradition. <strong>An Folk Club<\/strong> sees musician R\u00f3is\u00edn Chambers visit folk clubs \u00a0around the country. Renowned classical and traditional musician and composer Zo\u00eb Conway brings us music from<strong> F\u00e9ile na T\u00e1na<\/strong>, in Carlingford, Co. Louth a festival run by Zo\u00eb and her husband, John McIntyre. <\/span><\/p>\n<p><strong><span>Buille<\/span><\/strong><span> presented by Louise Cantillon and newcomer Tarach \u00d3 Snodaigh present six live shows from Cork\u2019s Cyprus Avenue featuring artists including Le Boom, Tol\u00fc Makay, Chasing Abbey, Huartan, Tosh\u00edn and David Keenan. \u00a0<strong>Junior Eurovision\u00a0 2026<\/strong> begins the nationwide hunt for the young singer who will represent Ireland in this year\u2019s final in Malta. <\/span><\/p>\n<p>Doireann N\u00ed Ghlac\u00e1in<span> returns with a new series of <strong>Curf\u00e1 <\/strong>in search of Ireland\u2019s best choir while <strong>Opry le Daniel ar Thuras<\/strong> brings Daniel O\u2019Donnell back to Derry\u2019s Millennium Forum.<\/span><\/p>\n<p><span>TG4 will live on air, on the TG4 Player and on social media from <strong>Oireachtas na Gaeilge<\/strong> in Killarney this October. Coverage of the week-long event will include Steip sean-n\u00f3s dancing competition and Ireland\u2019s premier sean-n\u00f3s singing competition Corn U\u00ed Riada will be broadcast live simultaneously on TG4 and RT\u00c9 Raidi\u00f3 na Gaeltachta. <\/span><br \/>\n&nbsp;<\/p>\n<h2><strong><u>Live Sport<\/u><\/strong><\/h2>\n<p><span>TG4\u2019s major commitment to live sport continues this autumn with <strong>GAA Beo<\/strong>, <strong>Rugba\u00ed Beo<\/strong> and <strong>Sacar na mBan Beo<\/strong>.<\/span><\/p>\n<p><strong><span>Rugba\u00ed Beo<\/span><\/strong><span> will feature more than 40 live United Rugby Championship games, while TG4 will continue extensive Gaelic games coverage across senior, club, underage and third-level competitions.<\/span><\/p>\n<p><span>Sporting stories also feature in <strong>R\u00e9alt na Mara FC<\/strong>, which tells the remarkable story of a youth football team whose Protestant and Catholic players once played side by side before the Troubles changed their community forever.<\/span><br \/>\n&nbsp;<\/p>\n<h2><strong><u>C\u00fala4 Turns Three<\/u><\/strong><\/h2>\n<p><strong><span>C\u00fala4<\/span><\/strong><span>, TG4\u2019s dedicated Irish-language children\u2019s channel, celebrates its third anniversary this September with a fresh slate of original programming.<\/span><\/p>\n<p><span>Highlights include <strong>Dialann Damhsa, <\/strong>which will be available on YouTube C\u00fala4, and follows 14-year-old Doireann as she navigates competition, friendship and growing up. \u00a0<\/span><strong>Seal le Sail\u00ed <\/strong>is a viewing experience for pre-school children and their parents where they are invited to take part in simple sensory activities, sing songs and listen to short stories. \u00a0In <strong>Cois Cladaigh <\/strong>Captain P\u00f3il\u00edn and her crew are on a mission along the coast of Ireland on the Super Squid, their scientific submarine.<\/p>\n<p>The schedule also includes \u00a0<strong>M\u2019Ainm Mo Sc\u00e9al, Dar le Daideo, Am Ab\u00fa!, <\/strong>\u00a0\u00a0<strong>Anfa<\/strong>,<strong>\u00a0 Tekkers, M\u00ed na Nollag<\/strong> alongside international favourites dubbed in Irish including <strong>Lego Dreamzz, Quentin Blake\u2019s Box of Treasures, <\/strong>\u00a0<strong>Blocuimhreacha<\/strong><strong>, Tiny Wonders, SpongeBob SquarePants<\/strong> and <strong>Curious George<\/strong>.<\/p>\n<p><span>Broadcasting daily from 6am to 8pm, C\u00fala4 also continues to deliver <strong>Nuacht C\u00fala4<\/strong>, its\u00a0 news bulletin for children, Tuesday to Friday at 1.30pm and 5.30pm.<\/span><br \/>\n&nbsp;<\/p>\n<p><span>Together, <strong>TG4, C\u00fala4 <\/strong>and TG4\u2019s brands <strong>Foghlaim TG4, MOLSC\u00c9AL <\/strong>and <strong>BLOC<\/strong> bring Irish-language content to audiences across broadcast, digital, and social media platforms.<\/span><\/p>\n<p>TG4\u2019s Autumn 2026 season begins rolling out across TG4 and its digital platforms from September.<\/p>\n<p>&nbsp;<\/p>\n","protected":false},"excerpt":{"rendered":"<p>&nbsp; TG4 Showreel: &nbsp; Brochure: TG4 Programmes&#8230;Here &nbsp; Hit drama series CR\u00c1 returns as TG4 reveals a packed Autumn 2026 line-up spanning entertainment, documentary, music, sport, young audiences, current affairs and children\u2019s programming. CR\u00c1 leads TG4\u2019s Autumn 2026 schedule, unveiled today at a special launch event in Dexcom Stadium, Galway, as the broadcaster revealed a [&hellip;]<\/p>\n","protected":false},"author":876,"featured_media":0,"parent":248746,"menu_order":56,"comment_status":"closed","ping_status":"closed","template":"page-templates\/template-pr.php","meta":{"footnotes":""},"acf":[],"yoast_head":"<!-- This site is optimized with the Yoast SEO plugin v22.6 - https:\/\/yoast.com\/wordpress\/plugins\/seo\/ -->\n<title>TG4 Unveils Bold New Season of Irish Stories, Voices and Live Action | Press Release | TG4<\/title>\n<meta name=\"description\" content=\"Hit drama series CR\u00c1 returns as TG4 reveals a packed Autumn 2026 line-up spanning entertainment, documentary, music, sport, young audiences, current affairs and children\u2019s programming.\" \/>\n<meta name=\"robots\" content=\"index, follow, max-snippet:-1, max-image-preview:large, max-video-preview:-1\" \/>\n<meta property=\"og:locale\" content=\"en_US\" \/>\n<meta property=\"og:type\" content=\"article\" \/>\n<meta property=\"og:title\" content=\"TG4 Unveils Bold New Season of Irish Stories, Voices and Live Action | Press Release | TG4\" \/>\n<meta property=\"og:description\" content=\"Hit drama series CR\u00c1 returns as TG4 reveals a packed Autumn 2026 line-up spanning entertainment, documentary, music, sport, young audiences, current affairs and children\u2019s programming.\" \/>\n<meta property=\"og:url\" content=\"https:\/\/www.tg4.ie\/en\/information\/press\/press-releases\/2026-2\/tg4-unveils-bold-new-season-of-irish-stories-voices-and-live-action\/\" \/>\n<meta property=\"og:site_name\" content=\"TG4\" \/>\n<meta property=\"article:publisher\" content=\"https:\/\/www.facebook.com\/TG4TV\" \/>\n<meta property=\"article:modified_time\" content=\"2026-08-31T15:57:34+00:00\" \/>\n<meta property=\"og:image\" content=\"https:\/\/www.tg4.ie\/wp-content\/uploads\/2026\/08\/Seoladh_an_Fhomhair_2026_1-1920x1080-1.jpg\" \/>\n<meta name=\"twitter:card\" content=\"summary_large_image\" \/>\n<meta name=\"twitter:site\" content=\"@TG4TV\" \/>\n<meta name=\"twitter:label1\" content=\"Est. reading time\" \/>\n\t<meta name=\"twitter:data1\" content=\"7 minutes\" \/>\n<script type=\"application\/ld+json\" class=\"yoast-schema-graph\">{\"@context\":\"https:\/\/schema.org\",\"@graph\":[{\"@type\":\"WebPage\",\"@id\":\"https:\/\/www.tg4.ie\/en\/information\/press\/press-releases\/2026-2\/tg4-unveils-bold-new-season-of-irish-stories-voices-and-live-action\/\",\"url\":\"https:\/\/www.tg4.ie\/en\/information\/press\/press-releases\/2026-2\/tg4-unveils-bold-new-season-of-irish-stories-voices-and-live-action\/\",\"name\":\"TG4 Unveils Bold New Season of Irish Stories, Voices and Live Action | Press Release | TG4\",\"isPartOf\":{\"@id\":\"https:\/\/www.tg4.ie\/ga\/#website\"},\"primaryImageOfPage\":{\"@id\":\"https:\/\/www.tg4.ie\/en\/information\/press\/press-releases\/2026-2\/tg4-unveils-bold-new-season-of-irish-stories-voices-and-live-action\/#primaryimage\"},\"image\":{\"@id\":\"https:\/\/www.tg4.ie\/en\/information\/press\/press-releases\/2026-2\/tg4-unveils-bold-new-season-of-irish-stories-voices-and-live-action\/#primaryimage\"},\"thumbnailUrl\":\"https:\/\/www.tg4.ie\/wp-content\/uploads\/2026\/08\/Seoladh_an_Fhomhair_2026_1-1920x1080-1.jpg\",\"datePublished\":\"2026-08-31T14:00:01+00:00\",\"dateModified\":\"2026-08-31T15:57:34+00:00\",\"description\":\"Hit drama series CR\u00c1 returns as TG4 reveals a packed Autumn 2026 line-up spanning entertainment, documentary, music, sport, young audiences, current affairs and children\u2019s programming.\",\"breadcrumb\":{\"@id\":\"https:\/\/www.tg4.ie\/en\/information\/press\/press-releases\/2026-2\/tg4-unveils-bold-new-season-of-irish-stories-voices-and-live-action\/#breadcrumb\"},\"inLanguage\":\"en-ie\",\"potentialAction\":[{\"@type\":\"ReadAction\",\"target\":[\"https:\/\/www.tg4.ie\/en\/information\/press\/press-releases\/2026-2\/tg4-unveils-bold-new-season-of-irish-stories-voices-and-live-action\/\"]}]},{\"@type\":\"ImageObject\",\"inLanguage\":\"en-ie\",\"@id\":\"https:\/\/www.tg4.ie\/en\/information\/press\/press-releases\/2026-2\/tg4-unveils-bold-new-season-of-irish-stories-voices-and-live-action\/#primaryimage\",\"url\":\"https:\/\/www.tg4.ie\/wp-content\/uploads\/2026\/08\/Seoladh_an_Fhomhair_2026_1-1920x1080-1.jpg\",\"contentUrl\":\"https:\/\/www.tg4.ie\/wp-content\/uploads\/2026\/08\/Seoladh_an_Fhomhair_2026_1-1920x1080-1.jpg\"},{\"@type\":\"BreadcrumbList\",\"@id\":\"https:\/\/www.tg4.ie\/en\/information\/press\/press-releases\/2026-2\/tg4-unveils-bold-new-season-of-irish-stories-voices-and-live-action\/#breadcrumb\",\"itemListElement\":[{\"@type\":\"ListItem\",\"position\":1,\"name\":\"Home\",\"item\":\"https:\/\/www.tg4.ie\/en\/\"},{\"@type\":\"ListItem\",\"position\":2,\"name\":\"Information\",\"item\":\"https:\/\/www.tg4.ie\/en\/information\/\"},{\"@type\":\"ListItem\",\"position\":3,\"name\":\"Press\",\"item\":\"https:\/\/www.tg4.ie\/en\/information\/press\/\"},{\"@type\":\"ListItem\",\"position\":4,\"name\":\"Press Releases\",\"item\":\"https:\/\/www.tg4.ie\/en\/information\/press\/press-releases\/\"},{\"@type\":\"ListItem\",\"position\":5,\"name\":\"2026\",\"item\":\"https:\/\/www.tg4.ie\/en\/information\/press\/press-releases\/2026-2\/\"},{\"@type\":\"ListItem\",\"position\":6,\"name\":\"TG4 Unveils Bold New Season of Irish Stories, Voices and Live Action\"}]},{\"@type\":\"WebSite\",\"@id\":\"https:\/\/www.tg4.ie\/ga\/#website\",\"url\":\"https:\/\/www.tg4.ie\/ga\/\",\"name\":\"TG4\",\"description\":\"S\u00fail Eile\",\"potentialAction\":[{\"@type\":\"SearchAction\",\"target\":{\"@type\":\"EntryPoint\",\"urlTemplate\":\"https:\/\/www.tg4.ie\/ga\/?s={search_term_string}\"},\"query-input\":\"required name=search_term_string\"}],\"inLanguage\":\"en-ie\"}]}<\/script>\n<!-- \/ Yoast SEO plugin. -->","yoast_head_json":{"title":"TG4 Unveils Bold New Season of Irish Stories, Voices and Live Action | Press Release | TG4","description":"Hit drama series CR\u00c1 returns as TG4 reveals a packed Autumn 2026 line-up spanning entertainment, documentary, music, sport, young audiences, current affairs and children\u2019s programming.","robots":{"index":"index","follow":"follow","max-snippet":"max-snippet:-1","max-image-preview":"max-image-preview:large","max-video-preview":"max-video-preview:-1"},"og_locale":"en_US","og_type":"article","og_title":"TG4 Unveils Bold New Season of Irish Stories, Voices and Live Action | Press Release | TG4","og_description":"Hit drama series CR\u00c1 returns as TG4 reveals a packed Autumn 2026 line-up spanning entertainment, documentary, music, sport, young audiences, current affairs and children\u2019s programming.","og_url":"https:\/\/www.tg4.ie\/en\/information\/press\/press-releases\/2026-2\/tg4-unveils-bold-new-season-of-irish-stories-voices-and-live-action\/","og_site_name":"TG4","article_publisher":"https:\/\/www.facebook.com\/TG4TV","article_modified_time":"2026-08-31T15:57:34+00:00","og_image":[{"url":"https:\/\/www.tg4.ie\/wp-content\/uploads\/2026\/08\/Seoladh_an_Fhomhair_2026_1-1920x1080-1.jpg"}],"twitter_card":"summary_large_image","twitter_site":"@TG4TV","twitter_misc":{"Est. reading time":"7 minutes"},"schema":{"@context":"https:\/\/schema.org","@graph":[{"@type":"WebPage","@id":"https:\/\/www.tg4.ie\/en\/information\/press\/press-releases\/2026-2\/tg4-unveils-bold-new-season-of-irish-stories-voices-and-live-action\/","url":"https:\/\/www.tg4.ie\/en\/information\/press\/press-releases\/2026-2\/tg4-unveils-bold-new-season-of-irish-stories-voices-and-live-action\/","name":"TG4 Unveils Bold New Season of Irish Stories, Voices and Live Action | Press Release | TG4","isPartOf":{"@id":"https:\/\/www.tg4.ie\/ga\/#website"},"primaryImageOfPage":{"@id":"https:\/\/www.tg4.ie\/en\/information\/press\/press-releases\/2026-2\/tg4-unveils-bold-new-season-of-irish-stories-voices-and-live-action\/#primaryimage"},"image":{"@id":"https:\/\/www.tg4.ie\/en\/information\/press\/press-releases\/2026-2\/tg4-unveils-bold-new-season-of-irish-stories-voices-and-live-action\/#primaryimage"},"thumbnailUrl":"https:\/\/www.tg4.ie\/wp-content\/uploads\/2026\/08\/Seoladh_an_Fhomhair_2026_1-1920x1080-1.jpg","datePublished":"2026-08-31T14:00:01+00:00","dateModified":"2026-08-31T15:57:34+00:00","description":"Hit drama series CR\u00c1 returns as TG4 reveals a packed Autumn 2026 line-up spanning entertainment, documentary, music, sport, young audiences, current affairs and children\u2019s programming.","breadcrumb":{"@id":"https:\/\/www.tg4.ie\/en\/information\/press\/press-releases\/2026-2\/tg4-unveils-bold-new-season-of-irish-stories-voices-and-live-action\/#breadcrumb"},"inLanguage":"en-ie","potentialAction":[{"@type":"ReadAction","target":["https:\/\/www.tg4.ie\/en\/information\/press\/press-releases\/2026-2\/tg4-unveils-bold-new-season-of-irish-stories-voices-and-live-action\/"]}]},{"@type":"ImageObject","inLanguage":"en-ie","@id":"https:\/\/www.tg4.ie\/en\/information\/press\/press-releases\/2026-2\/tg4-unveils-bold-new-season-of-irish-stories-voices-and-live-action\/#primaryimage","url":"https:\/\/www.tg4.ie\/wp-content\/uploads\/2026\/08\/Seoladh_an_Fhomhair_2026_1-1920x1080-1.jpg","contentUrl":"https:\/\/www.tg4.ie\/wp-content\/uploads\/2026\/08\/Seoladh_an_Fhomhair_2026_1-1920x1080-1.jpg"},{"@type":"BreadcrumbList","@id":"https:\/\/www.tg4.ie\/en\/information\/press\/press-releases\/2026-2\/tg4-unveils-bold-new-season-of-irish-stories-voices-and-live-action\/#breadcrumb","itemListElement":[{"@type":"ListItem","position":1,"name":"Home","item":"https:\/\/www.tg4.ie\/en\/"},{"@type":"ListItem","position":2,"name":"Information","item":"https:\/\/www.tg4.ie\/en\/information\/"},{"@type":"ListItem","position":3,"name":"Press","item":"https:\/\/www.tg4.ie\/en\/information\/press\/"},{"@type":"ListItem","position":4,"name":"Press Releases","item":"https:\/\/www.tg4.ie\/en\/information\/press\/press-releases\/"},{"@type":"ListItem","position":5,"name":"2026","item":"https:\/\/www.tg4.ie\/en\/information\/press\/press-releases\/2026-2\/"},{"@type":"ListItem","position":6,"name":"TG4 Unveils Bold New Season of Irish Stories, Voices and Live Action"}]},{"@type":"WebSite","@id":"https:\/\/www.tg4.ie\/ga\/#website","url":"https:\/\/www.tg4.ie\/ga\/","name":"TG4","description":"S\u00fail Eile","potentialAction":[{"@type":"SearchAction","target":{"@type":"EntryPoint","urlTemplate":"https:\/\/www.tg4.ie\/ga\/?s={search_term_string}"},"query-input":"required name=search_term_string"}],"inLanguage":"en-ie"}]}},"_links":{"self":[{"href":"https:\/\/www.tg4.ie\/en\/wp-json\/wp\/v2\/pages\/262628"}],"collection":[{"href":"https:\/\/www.tg4.ie\/en\/wp-json\/wp\/v2\/pages"}],"about":[{"href":"https:\/\/www.tg4.ie\/en\/wp-json\/wp\/v2\/types\/page"}],"author":[{"embeddable":true,"href":"https:\/\/www.tg4.ie\/en\/wp-json\/wp\/v2\/users\/876"}],"replies":[{"embeddable":true,"href":"https:\/\/www.tg4.ie\/en\/wp-json\/wp\/v2\/comments?post=262628"}],"version-history":[{"count":6,"href":"https:\/\/www.tg4.ie\/en\/wp-json\/wp\/v2\/pages\/262628\/revisions"}],"predecessor-version":[{"id":262666,"href":"https:\/\/www.tg4.ie\/en\/wp-json\/wp\/v2\/pages\/262628\/revisions\/262666"}],"up":[{"embeddable":true,"href":"https:\/\/www.tg4.ie\/en\/wp-json\/wp\/v2\/pages\/248746"}],"wp:attachment":[{"href":"https:\/\/www.tg4.ie\/en\/wp-json\/wp\/v2\/media?parent=262628"}],"curies":[{"name":"wp","href":"https:\/\/api.w.org\/{rel}","templated":true}]}}