{"id":113817,"date":"2020-08-28T13:52:00","date_gmt":"2020-08-28T12:52:52","guid":{"rendered":"https:\/\/www.tg4.ie\/?page_id=113817"},"modified":"2026-07-27T10:15:16","modified_gmt":"2026-07-27T09:15:16","slug":"irelands-blue-book-tour-de-france","status":"publish","type":"page","link":"https:\/\/www.tg4.ie\/ga\/eolas\/comortais\/irelands-blue-book-tour-de-france\/","title":{"rendered":"Com\u00f3rtas Ireland&#8217;s Blue Book Tour de France"},"content":{"rendered":"<p><font color=\"#15274c\"><\/p>\n<h1>Com\u00f3rtas Ireland&#8217;s Blue Book Tour de France<\/h1>\n<p><center><a href=\"https:\/\/www.irelandsbluebook.com\/?utm_source=Website&#038;utm_medium=Link&#038;utm_campaign=TG4_Tour_de_France_Comp\"><img decoding=\"async\" loading=\"lazy\" width=\"700\" height=\"390\" src=\"https:\/\/d1og0s8nlbd0hm.cloudfront.net\/wp-content\/uploads\/2026\/07\/01151823\/Irelands_Blue_Book_Logo_Navy_1-800w-700x390.png\" alt=\"\" class=\"aligncenter size-medium wp-image-250700\" srcset=\"https:\/\/d1og0s8nlbd0hm.cloudfront.net\/wp-content\/uploads\/2026\/07\/01151823\/Irelands_Blue_Book_Logo_Navy_1-800w-700x390.png 700w, https:\/\/d1og0s8nlbd0hm.cloudfront.net\/wp-content\/uploads\/2026\/07\/01151823\/Irelands_Blue_Book_Logo_Navy_1-800w-250x139.png 250w, https:\/\/d1og0s8nlbd0hm.cloudfront.net\/wp-content\/uploads\/2026\/07\/01151823\/Irelands_Blue_Book_Logo_Navy_1-800w.png 800w\" sizes=\"(max-width: 700px) 100vw, 700px\" \/><\/a><\/center><br \/>\n&nbsp;<br \/>\nIs baili\u00fach\u00e1n r\u00f3m\u00e1ns\u00fail d\u2019\u00f3st\u00e1in &#8211; tithe m\u00f3ra, tithe main\u00e9ir, caisle\u00e1in agus bialanna \u00c9ireannacha ina measc &#8211; at\u00e1 lonnaithe fud fad na h\u00c9ireann \u00e9 Ireland\u2019s Blue Book.<br \/>\n&nbsp;<\/p>\n<p><a href=\"https:\/\/www.irelandsbluebook.com\/?utm_source=Website&#038;utm_medium=Link&#038;utm_campaign=TG4_Tour_de_France_Comp\"><img decoding=\"async\" loading=\"lazy\" width=\"1920\" height=\"1080\" src=\"https:\/\/d1og0s8nlbd0hm.cloudfront.net\/wp-content\/uploads\/2026\/07\/01151547\/Irelands_Blue_Book_Hero_Image_1-1920x1080-1.jpg\" alt=\"\" class=\"aligncenter size-full wp-image-250699\" srcset=\"https:\/\/d1og0s8nlbd0hm.cloudfront.net\/wp-content\/uploads\/2026\/07\/01151547\/Irelands_Blue_Book_Hero_Image_1-1920x1080-1.jpg 1920w, https:\/\/d1og0s8nlbd0hm.cloudfront.net\/wp-content\/uploads\/2026\/07\/01151547\/Irelands_Blue_Book_Hero_Image_1-1920x1080-1-700x394.jpg 700w, https:\/\/d1og0s8nlbd0hm.cloudfront.net\/wp-content\/uploads\/2026\/07\/01151547\/Irelands_Blue_Book_Hero_Image_1-1920x1080-1-1536x864.jpg 1536w, https:\/\/d1og0s8nlbd0hm.cloudfront.net\/wp-content\/uploads\/2026\/07\/01151547\/Irelands_Blue_Book_Hero_Image_1-1920x1080-1-250x141.jpg 250w\" sizes=\"(max-width: 1920px) 100vw, 1920px\" \/><\/a><br \/>\n&nbsp;<\/p>\n<p>Le haghaidh tuilleadh eolas a fh\u00e1il faoi Ireland&#8217;s Blue Book t\u00e9igh chuig<\/p>\n<h2><a href=\"https:\/\/www.irelandsbluebook.com\/?utm_source=Website&#038;utm_medium=Link&#038;utm_campaign=TG4_Tour_de_France_Comp\" rel=\"noopener\" target=\"_blank\">www.irelandsbluebook.com<\/a><\/h2>\n<p>&nbsp;<\/p>\n<hr \/>\n<h2>An Duais<\/h2>\n<p><strong>T\u00e1 Ireland&#8217;s Blue Book ag tabhairt seans dhuit &#8220;Dearbh\u00e1n \u20ac500&#8221; a bhuachaint le linn an Tour de France beo ar TG4.<\/strong><br \/>\n(T\u00e1 10 x Dearbh\u00e1n \u20ac500 ar f\u00e1il sa chom\u00f3rtas seo, T&amp;C&#8217;s i bhfeidhm.)<br \/>\n&nbsp;<\/p>\n<hr \/>\n<p>&nbsp;<\/p>\n<h2>T\u00e1 an com\u00f3rtas seo d\u00fanta anois!<\/h2>\n<p>&nbsp;<\/p>\n<hr \/>\n<p><strong>T\u00e9arma\u00ed &#038; Coinn\u00edollacha:<\/strong><br \/>\nT\u00e1 dearbh\u00e1in faoi r\u00e9ir na dT\u00e9arma\u00ed &#038; Coinn\u00edollacha caighde\u00e1nacha at\u00e1 priont\u00e1ilte ar ch\u00fal an dearbh\u00e1in.<br \/>\nFaoi r\u00e9ir infhaighteachta, ach n\u00e1 b\u00edodh aon imn\u00ed ort mar n\u00edl aon d\u00e1ta\u00ed \u00e9aga ag \u00e1r ndearbh\u00e1in.<br \/>\n&nbsp;<\/p>\n<hr \/>\n<h2>Buaiteoir\u00ed<\/h2>\n<p>Joseph Devaney, Gaillimh<br \/>\nAoife Quirke, Tiobraid \u00c1rann<br \/>\nCiar\u00e1n Mac an Bhaird, Cill Dara<br \/>\nLaura Brett, Tiobraid \u00c1rann<br \/>\nFinbar Deery, \u00c1th Cliath<br \/>\nMary Ryan, Luimneach<br \/>\nLiam O Hora, \u00c1th Cliath<br \/>\nGeraldine Hynes, Gaillimh<br \/>\nBrid Cleary, Maigh Eo<br \/>\nEoin Downing, Ciarra\u00ed<br \/>\n&nbsp;<br \/>\n<\/font><\/p>\n","protected":false},"excerpt":{"rendered":"<p>Com\u00f3rtas Ireland&#8217;s Blue Book Tour de France &nbsp; Is baili\u00fach\u00e1n r\u00f3m\u00e1ns\u00fail d\u2019\u00f3st\u00e1in &#8211; tithe m\u00f3ra, tithe main\u00e9ir, caisle\u00e1in agus bialanna \u00c9ireannacha ina measc &#8211; at\u00e1 lonnaithe fud fad na h\u00c9ireann \u00e9 Ireland\u2019s Blue Book. &nbsp; &nbsp; Le haghaidh tuilleadh eolas a fh\u00e1il faoi Ireland&#8217;s Blue Book t\u00e9igh chuig www.irelandsbluebook.com &nbsp; An Duais T\u00e1 Ireland&#8217;s Blue [&hellip;]<\/p>\n","protected":false},"author":876,"featured_media":250701,"parent":103369,"menu_order":12,"comment_status":"closed","ping_status":"closed","template":"page-templates\/template-plain.php","meta":{"footnotes":""},"acf":[],"yoast_head":"<!-- This site is optimized with the Yoast SEO plugin v22.6 - https:\/\/yoast.com\/wordpress\/plugins\/seo\/ -->\n<title>Com\u00f3rtas Ireland&#039;s Blue Book Tour de France | Ireland&#039;s Blue Book | Sp\u00f3rt TG4 | Tour de France<\/title>\n<meta name=\"robots\" content=\"index, follow, max-snippet:-1, max-image-preview:large, max-video-preview:-1\" \/>\n<meta property=\"og:locale\" content=\"en_US\" \/>\n<meta property=\"og:type\" content=\"article\" \/>\n<meta property=\"og:title\" content=\"Com\u00f3rtas Ireland&#039;s Blue Book Tour de France | Ireland&#039;s Blue Book | Sp\u00f3rt TG4 | Tour de France\" \/>\n<meta property=\"og:description\" content=\"Com\u00f3rtas Ireland&#8217;s Blue Book Tour de France &nbsp; Is baili\u00fach\u00e1n r\u00f3m\u00e1ns\u00fail d\u2019\u00f3st\u00e1in &#8211; tithe m\u00f3ra, tithe main\u00e9ir, caisle\u00e1in agus bialanna \u00c9ireannacha ina measc &#8211; at\u00e1 lonnaithe fud fad na h\u00c9ireann \u00e9 Ireland\u2019s Blue Book. &nbsp; &nbsp; Le haghaidh tuilleadh eolas a fh\u00e1il faoi Ireland&#8217;s Blue Book t\u00e9igh chuig www.irelandsbluebook.com &nbsp; An Duais T\u00e1 Ireland&#8217;s Blue [&hellip;]\" \/>\n<meta property=\"og:url\" content=\"https:\/\/www.tg4.ie\/ga\/eolas\/comortais\/irelands-blue-book-tour-de-france\/\" \/>\n<meta property=\"og:site_name\" content=\"TG4\" \/>\n<meta property=\"article:publisher\" content=\"https:\/\/www.facebook.com\/TG4TV\" \/>\n<meta property=\"article:modified_time\" content=\"2026-07-27T09:15:16+00:00\" \/>\n<meta property=\"og:image\" content=\"https:\/\/d1og0s8nlbd0hm.cloudfront.net\/wp-content\/uploads\/2026\/07\/01152254\/Irelands_Blue_Book_Gift_Voucher_1-1920x1080-1.jpg\" \/>\n\t<meta property=\"og:image:width\" content=\"1920\" \/>\n\t<meta property=\"og:image:height\" content=\"1080\" \/>\n\t<meta property=\"og:image:type\" content=\"image\/jpeg\" \/>\n<meta name=\"twitter:card\" content=\"summary_large_image\" \/>\n<meta name=\"twitter:site\" content=\"@TG4TV\" \/>\n<meta name=\"twitter:label1\" content=\"Est. reading time\" \/>\n\t<meta name=\"twitter:data1\" content=\"2 minutes\" \/>\n<script type=\"application\/ld+json\" class=\"yoast-schema-graph\">{\"@context\":\"https:\/\/schema.org\",\"@graph\":[{\"@type\":\"WebPage\",\"@id\":\"https:\/\/www.tg4.ie\/ga\/eolas\/comortais\/irelands-blue-book-tour-de-france\/\",\"url\":\"https:\/\/www.tg4.ie\/ga\/eolas\/comortais\/irelands-blue-book-tour-de-france\/\",\"name\":\"Com\u00f3rtas Ireland's Blue Book Tour de France | Ireland's Blue Book | Sp\u00f3rt TG4 | Tour de France\",\"isPartOf\":{\"@id\":\"https:\/\/www.tg4.ie\/ga\/#website\"},\"primaryImageOfPage\":{\"@id\":\"https:\/\/www.tg4.ie\/ga\/eolas\/comortais\/irelands-blue-book-tour-de-france\/#primaryimage\"},\"image\":{\"@id\":\"https:\/\/www.tg4.ie\/ga\/eolas\/comortais\/irelands-blue-book-tour-de-france\/#primaryimage\"},\"thumbnailUrl\":\"https:\/\/d1og0s8nlbd0hm.cloudfront.net\/wp-content\/uploads\/2026\/07\/01152254\/Irelands_Blue_Book_Gift_Voucher_1-1920x1080-1.jpg\",\"datePublished\":\"2020-08-28T12:52:52+00:00\",\"dateModified\":\"2026-07-27T09:15:16+00:00\",\"breadcrumb\":{\"@id\":\"https:\/\/www.tg4.ie\/ga\/eolas\/comortais\/irelands-blue-book-tour-de-france\/#breadcrumb\"},\"inLanguage\":\"ga\",\"potentialAction\":[{\"@type\":\"ReadAction\",\"target\":[\"https:\/\/www.tg4.ie\/ga\/eolas\/comortais\/irelands-blue-book-tour-de-france\/\"]}]},{\"@type\":\"ImageObject\",\"inLanguage\":\"ga\",\"@id\":\"https:\/\/www.tg4.ie\/ga\/eolas\/comortais\/irelands-blue-book-tour-de-france\/#primaryimage\",\"url\":\"https:\/\/d1og0s8nlbd0hm.cloudfront.net\/wp-content\/uploads\/2026\/07\/01152254\/Irelands_Blue_Book_Gift_Voucher_1-1920x1080-1.jpg\",\"contentUrl\":\"https:\/\/d1og0s8nlbd0hm.cloudfront.net\/wp-content\/uploads\/2026\/07\/01152254\/Irelands_Blue_Book_Gift_Voucher_1-1920x1080-1.jpg\",\"width\":1920,\"height\":1080},{\"@type\":\"BreadcrumbList\",\"@id\":\"https:\/\/www.tg4.ie\/ga\/eolas\/comortais\/irelands-blue-book-tour-de-france\/#breadcrumb\",\"itemListElement\":[{\"@type\":\"ListItem\",\"position\":1,\"name\":\"Home\",\"item\":\"https:\/\/www.tg4.ie\/ga\/\"},{\"@type\":\"ListItem\",\"position\":2,\"name\":\"Eolas\",\"item\":\"https:\/\/www.tg4.ie\/ga\/eolas\/\"},{\"@type\":\"ListItem\",\"position\":3,\"name\":\"Com\u00f3rtais\",\"item\":\"https:\/\/www.tg4.ie\/ga\/eolas\/comortais\/\"},{\"@type\":\"ListItem\",\"position\":4,\"name\":\"Com\u00f3rtas Ireland&#8217;s Blue Book Tour de France\"}]},{\"@type\":\"WebSite\",\"@id\":\"https:\/\/www.tg4.ie\/ga\/#website\",\"url\":\"https:\/\/www.tg4.ie\/ga\/\",\"name\":\"TG4\",\"description\":\"S\u00fail Eile\",\"potentialAction\":[{\"@type\":\"SearchAction\",\"target\":{\"@type\":\"EntryPoint\",\"urlTemplate\":\"https:\/\/www.tg4.ie\/ga\/?s={search_term_string}\"},\"query-input\":\"required name=search_term_string\"}],\"inLanguage\":\"ga\"}]}<\/script>\n<!-- \/ Yoast SEO plugin. -->","yoast_head_json":{"title":"Com\u00f3rtas Ireland's Blue Book Tour de France | Ireland's Blue Book | Sp\u00f3rt TG4 | Tour de France","robots":{"index":"index","follow":"follow","max-snippet":"max-snippet:-1","max-image-preview":"max-image-preview:large","max-video-preview":"max-video-preview:-1"},"og_locale":"en_US","og_type":"article","og_title":"Com\u00f3rtas Ireland's Blue Book Tour de France | Ireland's Blue Book | Sp\u00f3rt TG4 | Tour de France","og_description":"Com\u00f3rtas Ireland&#8217;s Blue Book Tour de France &nbsp; Is baili\u00fach\u00e1n r\u00f3m\u00e1ns\u00fail d\u2019\u00f3st\u00e1in &#8211; tithe m\u00f3ra, tithe main\u00e9ir, caisle\u00e1in agus bialanna \u00c9ireannacha ina measc &#8211; at\u00e1 lonnaithe fud fad na h\u00c9ireann \u00e9 Ireland\u2019s Blue Book. &nbsp; &nbsp; Le haghaidh tuilleadh eolas a fh\u00e1il faoi Ireland&#8217;s Blue Book t\u00e9igh chuig www.irelandsbluebook.com &nbsp; An Duais T\u00e1 Ireland&#8217;s Blue [&hellip;]","og_url":"https:\/\/www.tg4.ie\/ga\/eolas\/comortais\/irelands-blue-book-tour-de-france\/","og_site_name":"TG4","article_publisher":"https:\/\/www.facebook.com\/TG4TV","article_modified_time":"2026-07-27T09:15:16+00:00","og_image":[{"width":1920,"height":1080,"url":"https:\/\/d1og0s8nlbd0hm.cloudfront.net\/wp-content\/uploads\/2026\/07\/01152254\/Irelands_Blue_Book_Gift_Voucher_1-1920x1080-1.jpg","type":"image\/jpeg"}],"twitter_card":"summary_large_image","twitter_site":"@TG4TV","twitter_misc":{"Est. reading time":"2 minutes"},"schema":{"@context":"https:\/\/schema.org","@graph":[{"@type":"WebPage","@id":"https:\/\/www.tg4.ie\/ga\/eolas\/comortais\/irelands-blue-book-tour-de-france\/","url":"https:\/\/www.tg4.ie\/ga\/eolas\/comortais\/irelands-blue-book-tour-de-france\/","name":"Com\u00f3rtas Ireland's Blue Book Tour de France | Ireland's Blue Book | Sp\u00f3rt TG4 | Tour de France","isPartOf":{"@id":"https:\/\/www.tg4.ie\/ga\/#website"},"primaryImageOfPage":{"@id":"https:\/\/www.tg4.ie\/ga\/eolas\/comortais\/irelands-blue-book-tour-de-france\/#primaryimage"},"image":{"@id":"https:\/\/www.tg4.ie\/ga\/eolas\/comortais\/irelands-blue-book-tour-de-france\/#primaryimage"},"thumbnailUrl":"https:\/\/d1og0s8nlbd0hm.cloudfront.net\/wp-content\/uploads\/2026\/07\/01152254\/Irelands_Blue_Book_Gift_Voucher_1-1920x1080-1.jpg","datePublished":"2020-08-28T12:52:52+00:00","dateModified":"2026-07-27T09:15:16+00:00","breadcrumb":{"@id":"https:\/\/www.tg4.ie\/ga\/eolas\/comortais\/irelands-blue-book-tour-de-france\/#breadcrumb"},"inLanguage":"ga","potentialAction":[{"@type":"ReadAction","target":["https:\/\/www.tg4.ie\/ga\/eolas\/comortais\/irelands-blue-book-tour-de-france\/"]}]},{"@type":"ImageObject","inLanguage":"ga","@id":"https:\/\/www.tg4.ie\/ga\/eolas\/comortais\/irelands-blue-book-tour-de-france\/#primaryimage","url":"https:\/\/d1og0s8nlbd0hm.cloudfront.net\/wp-content\/uploads\/2026\/07\/01152254\/Irelands_Blue_Book_Gift_Voucher_1-1920x1080-1.jpg","contentUrl":"https:\/\/d1og0s8nlbd0hm.cloudfront.net\/wp-content\/uploads\/2026\/07\/01152254\/Irelands_Blue_Book_Gift_Voucher_1-1920x1080-1.jpg","width":1920,"height":1080},{"@type":"BreadcrumbList","@id":"https:\/\/www.tg4.ie\/ga\/eolas\/comortais\/irelands-blue-book-tour-de-france\/#breadcrumb","itemListElement":[{"@type":"ListItem","position":1,"name":"Home","item":"https:\/\/www.tg4.ie\/ga\/"},{"@type":"ListItem","position":2,"name":"Eolas","item":"https:\/\/www.tg4.ie\/ga\/eolas\/"},{"@type":"ListItem","position":3,"name":"Com\u00f3rtais","item":"https:\/\/www.tg4.ie\/ga\/eolas\/comortais\/"},{"@type":"ListItem","position":4,"name":"Com\u00f3rtas Ireland&#8217;s Blue Book Tour de France"}]},{"@type":"WebSite","@id":"https:\/\/www.tg4.ie\/ga\/#website","url":"https:\/\/www.tg4.ie\/ga\/","name":"TG4","description":"S\u00fail Eile","potentialAction":[{"@type":"SearchAction","target":{"@type":"EntryPoint","urlTemplate":"https:\/\/www.tg4.ie\/ga\/?s={search_term_string}"},"query-input":"required name=search_term_string"}],"inLanguage":"ga"}]}},"_links":{"self":[{"href":"https:\/\/www.tg4.ie\/ga\/wp-json\/wp\/v2\/pages\/113817"}],"collection":[{"href":"https:\/\/www.tg4.ie\/ga\/wp-json\/wp\/v2\/pages"}],"about":[{"href":"https:\/\/www.tg4.ie\/ga\/wp-json\/wp\/v2\/types\/page"}],"author":[{"embeddable":true,"href":"https:\/\/www.tg4.ie\/ga\/wp-json\/wp\/v2\/users\/876"}],"replies":[{"embeddable":true,"href":"https:\/\/www.tg4.ie\/ga\/wp-json\/wp\/v2\/comments?post=113817"}],"version-history":[{"count":4,"href":"https:\/\/www.tg4.ie\/ga\/wp-json\/wp\/v2\/pages\/113817\/revisions"}],"predecessor-version":[{"id":262262,"href":"https:\/\/www.tg4.ie\/ga\/wp-json\/wp\/v2\/pages\/113817\/revisions\/262262"}],"up":[{"embeddable":true,"href":"https:\/\/www.tg4.ie\/ga\/wp-json\/wp\/v2\/pages\/103369"}],"wp:featuredmedia":[{"embeddable":true,"href":"https:\/\/www.tg4.ie\/ga\/wp-json\/wp\/v2\/media\/250701"}],"wp:attachment":[{"href":"https:\/\/www.tg4.ie\/ga\/wp-json\/wp\/v2\/media?parent=113817"}],"curies":[{"name":"wp","href":"https:\/\/api.w.org\/{rel}","templated":true}]}}